{"id":434,"date":"2024-12-22T20:14:03","date_gmt":"2024-12-22T19:14:03","guid":{"rendered":"http:\/\/loscalifascf.com\/ciudadjardin\/?page_id=434"},"modified":"2025-09-29T21:50:41","modified_gmt":"2025-09-29T19:50:41","slug":"equiposcj","status":"publish","type":"page","link":"https:\/\/loscalifascf.com\/ciudadjardin\/equiposcj\/","title":{"rendered":"equiposCJ"},"content":{"rendered":"\n<div class=\"wp-block-group has-luminous-vivid-amber-background-color has-background is-layout-constrained wp-block-group-is-layout-constrained\">\n<div style=\"height:31px\" aria-hidden=\"true\" class=\"wp-block-spacer\"><\/div>\n<\/div>\n\n\n\n<div class=\"wp-block-cover is-light\" style=\"margin-top:0;margin-bottom:0;min-height:539px;aspect-ratio:unset;\"><video class=\"wp-block-cover__video-background intrinsic-ignore\" autoplay muted loop playsinline src=\"http:\/\/loscalifascf.com\/ciudadjardin\/wp-content\/uploads\/sites\/2\/2025\/01\/Antonito.mp4\" data-object-fit=\"cover\"><\/video><span aria-hidden=\"true\" class=\"wp-block-cover__background has-background-dim-0 has-background-dim\" style=\"background-color:#FFF\"><\/span><div class=\"wp-block-cover__inner-container is-layout-constrained wp-block-cover-is-layout-constrained\">\n<p class=\"has-text-align-center has-large-font-size\"><\/p>\n<\/div><\/div>\n\n\n\n<div class=\"wp-block-uagb-advanced-heading uagb-block-cc843e13\"><h2 class=\"uagb-heading-text\">Equipos CD Ciudad Jard\u00edn<\/h2><\/div>\n\n\n\n<div class=\"wp-block-uagb-info-box uagb-block-dbba7ebf uagb-infobox__content-wrap  uagb-infobox-icon-above-title uagb-infobox-image-valign-top\"><div class=\"uagb-ifb-content\"><div class=\"uagb-ifb-image-content\"><img decoding=\"async\" src=\"http:\/\/loscalifascf.com\/ciudadjardin\/wp-content\/uploads\/sites\/2\/2024\/12\/CIUDADJARDIN01-6.jpg\" alt=\"\" width=\"111\" height=\"150\" loading=\"lazy\"\/><\/div><div class=\"uagb-ifb-title-wrap\"><h3 class=\"uagb-ifb-title\">Equipos en Competici\u00f3n<\/h3><\/div><div class=\"uagb-ifb-separator\"><\/div><p class=\"uagb-ifb-desc\"><strong>Os presentamos los equipos en competici\u00f3n para la temporada 2025\/26. Objetivos, esfuerzo, trabajo\u2026<\/strong><\/p><\/div><\/div>\n\n\n\n<div class=\"wp-block-uagb-separator uagb-block-13ef688e wp-block-uagb-separator--text\"><div class=\"uagb-separator-spacing-wrapper\"><div class=\"wp-block-uagb-separator__inner\" style=\"--my-background-image:\"><div class=\"wp-block-uagb-separator-element\"><h5 class=\"uagb-html-tag\">Senior<\/h5><\/div><\/div><\/div><\/div>\n\n\n\n<div data-aos= \"fade-down\" data-aos-duration=\"400\" data-aos-delay=\"0\" data-aos-easing=\"ease\" data-aos-once=\"true\" class=\"wp-block-uagb-container uagb-block-0d51b2b5 alignfull uagb-is-root-container\"><div class=\"uagb-container-inner-blocks-wrap\">\n<div data-aos= \"fade\" data-aos-duration=\"400\" data-aos-delay=\"0\" data-aos-easing=\"ease\" data-aos-once=\"true\" class=\"wp-block-uagb-container uagb-block-8abc8270 default uagb-is-root-container\">\n<div data-aos= \"fade\" data-aos-duration=\"400\" data-aos-delay=\"0\" data-aos-easing=\"ease\" data-aos-once=\"true\" class=\"wp-block-uagb-info-box uagb-block-71b2bf04 uagb-infobox__content-wrap  uagb-infobox-icon-below-title uagb-infobox-image-valign-top\"><div class=\"uagb-ifb-content\"><div class=\"uagb-ifb-title-wrap\"><h3 class=\"uagb-ifb-title\">Senior Ciudad Jard\u00edn<br>Primera Divisi\u00f3n Andaluza<br>Entrenador: Carlos Losada<\/h3><\/div><div class=\"uagb-ifb-image-content\"><img decoding=\"async\" src=\"http:\/\/loscalifascf.com\/ciudadjardin\/wp-content\/uploads\/sites\/2\/2025\/09\/SeniorCJ-1024x768.jpeg\" alt=\"\" width=\"500\" height=\"375\" loading=\"lazy\"\/><\/div><p class=\"uagb-ifb-desc\"><a href=\"https:\/\/loscalifascf.com\/wp-content\/uploads\/2025\/09\/CalendarioSeniorCJ.pdf\">Calendario<\/a><br><a href=\"https:\/\/www.rfaf.es\/pnfg\/NPcd\/NFG_VisTablaCruzada?cod_primaria=1000120&amp;CodGrupo=39584770\">Resultados<\/a><br><a href=\"https:\/\/www.rfaf.es\/pnfg\/NPcd\/NFG_VisClasificacion?cod_primaria=1000120&amp;codgrupo=45099719&amp;codcompeticion=44788627\">Clasificaci\u00f3n<\/a><br><a href=\"https:\/\/www.rfaf.es\/pnfg\/NPcd\/NFG_VisEquipos?cod_primaria=1000119&amp;Codigo_Equipo=5695943\">Plantilla<\/a><\/p><\/div><\/div>\n<\/div>\n<\/div><\/div>\n\n\n\n<div class=\"wp-block-uagb-separator uagb-block-d5b3c555 wp-block-uagb-separator--text\"><div class=\"uagb-separator-spacing-wrapper\"><div class=\"wp-block-uagb-separator__inner\" style=\"--my-background-image:\"><div class=\"wp-block-uagb-separator-element\"><h5 class=\"uagb-html-tag\">Juveniles<\/h5><\/div><\/div><\/div><\/div>\n\n\n\n<div data-aos= \"fade-down\" data-aos-duration=\"400\" data-aos-delay=\"0\" data-aos-easing=\"ease\" data-aos-once=\"true\" class=\"wp-block-uagb-container uagb-block-ad89b004 alignfull uagb-is-root-container\"><div class=\"uagb-container-inner-blocks-wrap\">\n<div data-aos= \"fade\" data-aos-duration=\"400\" data-aos-delay=\"0\" data-aos-easing=\"ease\" data-aos-once=\"true\" class=\"wp-block-uagb-container uagb-block-b29b832b default uagb-is-root-container\">\n<div data-aos= \"fade\" data-aos-duration=\"400\" data-aos-delay=\"0\" data-aos-easing=\"ease\" data-aos-once=\"true\" class=\"wp-block-uagb-info-box uagb-block-5d46b3af uagb-infobox__content-wrap  uagb-infobox-icon-below-title uagb-infobox-image-valign-top\"><div class=\"uagb-ifb-content\"><div class=\"uagb-ifb-title-wrap\"><h3 class=\"uagb-ifb-title\">Juvenil B<br>Segunda Divisi\u00f3n Andaluza<br>Entrenador: Manolo Mu\u00f1oz<\/h3><\/div><div class=\"uagb-ifb-image-content\"><img decoding=\"async\" src=\"http:\/\/loscalifascf.com\/ciudadjardin\/wp-content\/uploads\/sites\/2\/2025\/01\/Nofoto-1024x724.jpg\" alt=\"\" width=\"475\" height=\"335\" loading=\"lazy\"\/><\/div><p class=\"uagb-ifb-desc\"><a href=\"https:\/\/loscalifascf.com\/wp-content\/uploads\/2025\/09\/CalendarioJuvB.pdf\" target=\"_blank\" rel=\"noreferrer noopener\">Calendario<\/a><br><a href=\"https:\/\/www.rfaf.es\/pnfg\/NPcd\/NFG_VisTablaCruzada?cod_primaria=1000120&amp;CodGrupo=39584770\">Resultados<\/a><br><a href=\"https:\/\/www.rfaf.es\/pnfg\/NPcd\/NFG_VisClasificacion?cod_primaria=1000120&amp;codjornada=12&amp;codcompeticion=39584761&amp;codgrupo=39584770&amp;codjornada=12\">Clasificaci\u00f3n<\/a><br><a href=\"https:\/\/www.rfaf.es\/pnfg\/NPcd\/NFG_VisEquipos?cod_primaria=1000119&amp;Codigo_Equipo=5695943\">Plantilla<\/a><\/p><\/div><\/div>\n<\/div>\n<\/div><\/div>\n\n\n\n<div class=\"wp-block-uagb-separator uagb-block-98385bd9 wp-block-uagb-separator--text\"><div class=\"uagb-separator-spacing-wrapper\"><div class=\"wp-block-uagb-separator__inner\" style=\"--my-background-image:\"><div class=\"wp-block-uagb-separator-element\"><h5 class=\"uagb-html-tag\">Alevines<\/h5><\/div><\/div><\/div><\/div>\n\n\n\n<div data-aos= \"fade-down\" data-aos-duration=\"400\" data-aos-delay=\"0\" data-aos-easing=\"ease\" data-aos-once=\"true\" class=\"wp-block-uagb-container uagb-block-5eeb5780 alignfull uagb-is-root-container\"><div class=\"uagb-container-inner-blocks-wrap\">\n<div data-aos= \"fade\" data-aos-duration=\"400\" data-aos-delay=\"0\" data-aos-easing=\"ease\" data-aos-once=\"true\" class=\"wp-block-uagb-container uagb-block-8a715ff3 default uagb-is-root-container\">\n<div data-aos= \"fade\" data-aos-duration=\"400\" data-aos-delay=\"0\" data-aos-easing=\"ease\" data-aos-once=\"true\" class=\"wp-block-uagb-info-box uagb-block-269f92a4 uagb-infobox__content-wrap  uagb-infobox-icon-below-title uagb-infobox-image-valign-top\"><div class=\"uagb-ifb-content\"><div class=\"uagb-ifb-title-wrap\"><h3 class=\"uagb-ifb-title\">Alev\u00edn C<br>Cuarta Divisi\u00f3n Andaluza Grupo IV<br>Entrenador: Sergio Gonz\u00e1lez<\/h3><\/div><div class=\"uagb-ifb-image-content\"><img decoding=\"async\" src=\"http:\/\/loscalifascf.com\/ciudadjardin\/wp-content\/uploads\/sites\/2\/2025\/09\/AlevinC3-300x225.jpg\" alt=\"\" width=\"455\" height=\"341\" loading=\"lazy\"\/><\/div><p class=\"uagb-ifb-desc\"><a href=\"https:\/\/www.rfaf.es\/pnfg\/NPcd\/NFG_VisCalendario_Vis?cod_primaria=1000120&amp;codtemporada=20&amp;codcompeticion=39584761&amp;codgrupo=39584770&amp;CodJornada=12\">Calendario<\/a><br><a href=\"https:\/\/www.rfaf.es\/pnfg\/NPcd\/NFG_VisTablaCruzada?cod_primaria=1000120&amp;CodGrupo=39584770\">Resultados<\/a><br><a href=\"https:\/\/www.rfaf.es\/pnfg\/NPcd\/NFG_VisClasificacion?cod_primaria=1000120&amp;codjornada=12&amp;codcompeticion=39584761&amp;codgrupo=39584770&amp;codjornada=12\">Clasificaci\u00f3n<\/a><br><a href=\"https:\/\/www.rfaf.es\/pnfg\/NPcd\/NFG_VisEquipos?cod_primaria=1000119&amp;Codigo_Equipo=5695943\">Plantilla<\/a><\/p><\/div><\/div>\n<\/div>\n<\/div><\/div>\n\n\n\n<div class=\"wp-block-uagb-separator uagb-block-4da53faf wp-block-uagb-separator--text\"><div class=\"uagb-separator-spacing-wrapper\"><div class=\"wp-block-uagb-separator__inner\" style=\"--my-background-image:\"><div class=\"wp-block-uagb-separator-element\"><h5 class=\"uagb-html-tag\">Benjamines<\/h5><\/div><\/div><\/div><\/div>\n\n\n\n<div data-aos= \"fade-down\" data-aos-duration=\"400\" data-aos-delay=\"0\" data-aos-easing=\"ease\" data-aos-once=\"true\" class=\"wp-block-uagb-container uagb-block-de5f4214 alignfull uagb-is-root-container\"><div class=\"uagb-container-inner-blocks-wrap\">\n<div data-aos= \"fade\" data-aos-duration=\"400\" data-aos-delay=\"0\" data-aos-easing=\"ease\" data-aos-once=\"true\" class=\"wp-block-uagb-container uagb-block-98ef7b32 default uagb-is-root-container\">\n<div data-aos= \"fade\" data-aos-duration=\"400\" data-aos-delay=\"0\" data-aos-easing=\"ease\" data-aos-once=\"true\" class=\"wp-block-uagb-info-box uagb-block-8723c087 uagb-infobox__content-wrap  uagb-infobox-icon-below-title uagb-infobox-image-valign-top\"><div class=\"uagb-ifb-content\"><div class=\"uagb-ifb-title-wrap\"><h3 class=\"uagb-ifb-title\">Benjam\u00edn C<br>Cuarta Divisi\u00f3n Andaluza Grupo V<br>Entrenador: David Chamorro<\/h3><\/div><div class=\"uagb-ifb-image-content\"><img decoding=\"async\" src=\"http:\/\/loscalifascf.com\/ciudadjardin\/wp-content\/uploads\/sites\/2\/2025\/09\/BenjaminCJ-1024x768.jpg\" alt=\"\" width=\"472\" height=\"354\" loading=\"lazy\"\/><\/div><p class=\"uagb-ifb-desc\"><a href=\"https:\/\/loscalifascf.com\/wp-content\/uploads\/2025\/09\/CalendarioBenjC.pdf\" target=\"_blank\" rel=\"noreferrer noopener\">Calendario<\/a><br><a href=\"https:\/\/www.rfaf.es\/pnfg\/NPcd\/NFG_VisTablaCruzada?cod_primaria=1000120&amp;CodGrupo=39584770\">Resultados<\/a><br><a href=\"https:\/\/www.rfaf.es\/pnfg\/NPcd\/NFG_VisClasificacion?cod_primaria=1000120&amp;codgrupo=45099719&amp;codcompeticion=44788627\">Clasificaci\u00f3n<\/a><br><a href=\"https:\/\/www.rfaf.es\/pnfg\/NPcd\/NFG_VisEquipos?cod_primaria=1000119&amp;Codigo_Equipo=5695943\">Plantilla<\/a><\/p><\/div><\/div>\n<\/div>\n<\/div><\/div>\n\n\n\n<div class=\"wp-block-uagb-separator uagb-block-d7853fc6 wp-block-uagb-separator--text\"><div class=\"uagb-separator-spacing-wrapper\"><div class=\"wp-block-uagb-separator__inner\" style=\"--my-background-image:\"><div class=\"wp-block-uagb-separator-element\"><h5 class=\"uagb-html-tag\">Prebenjamines<\/h5><\/div><\/div><\/div><\/div>\n\n\n\n<div data-aos= \"fade-down\" data-aos-duration=\"400\" data-aos-delay=\"0\" data-aos-easing=\"ease\" data-aos-once=\"true\" class=\"wp-block-uagb-container uagb-block-a4984261 alignfull uagb-is-root-container\"><div class=\"uagb-container-inner-blocks-wrap\">\n<div data-aos= \"fade\" data-aos-duration=\"400\" data-aos-delay=\"0\" data-aos-easing=\"ease\" data-aos-once=\"true\" class=\"wp-block-uagb-container uagb-block-5bfee46b default uagb-is-root-container\">\n<div data-aos= \"fade\" data-aos-duration=\"400\" data-aos-delay=\"0\" data-aos-easing=\"ease\" data-aos-once=\"true\" class=\"wp-block-uagb-info-box uagb-block-18d722bf uagb-infobox__content-wrap  uagb-infobox-icon-below-title uagb-infobox-image-valign-top\"><div class=\"uagb-ifb-content\"><div class=\"uagb-ifb-title-wrap\"><h3 class=\"uagb-ifb-title\">Prebenjam\u00edn C<br>Liga de Escuelas<br>Entrenador: ??<\/h3><\/div><div class=\"uagb-ifb-image-content\"><img decoding=\"async\" src=\"http:\/\/loscalifascf.com\/ciudadjardin\/wp-content\/uploads\/sites\/2\/2025\/01\/Nofoto-300x212.jpg\" alt=\"\" width=\"350\" height=\"247\" loading=\"lazy\"\/><\/div><p class=\"uagb-ifb-desc\"><a href=\"https:\/\/www.rfaf.es\/pnfg\/NPcd\/NFG_VisCalendario_Vis?cod_primaria=1000120&amp;codtemporada=20&amp;codcompeticion=39584761&amp;codgrupo=39584770&amp;CodJornada=12\">Calendario<\/a><br><a href=\"https:\/\/www.rfaf.es\/pnfg\/NPcd\/NFG_VisTablaCruzada?cod_primaria=1000120&amp;CodGrupo=39584770\">Resultados<\/a><br><a href=\"https:\/\/www.rfaf.es\/pnfg\/NPcd\/NFG_VisClasificacion?cod_primaria=1000120&amp;codjornada=12&amp;codcompeticion=39584761&amp;codgrupo=39584770&amp;codjornada=12\">Clasificaci\u00f3n<\/a><br><a href=\"https:\/\/www.rfaf.es\/pnfg\/NPcd\/NFG_VisEquipos?cod_primaria=1000119&amp;Codigo_Equipo=5695943\">Plantilla<\/a><\/p><\/div><\/div>\n<\/div>\n<\/div><\/div>\n\n\n\n<div class=\"wp-block-uagb-separator uagb-block-312d1f53 wp-block-uagb-separator--text\"><div class=\"uagb-separator-spacing-wrapper\"><div class=\"wp-block-uagb-separator__inner\" style=\"--my-background-image:\"><div class=\"wp-block-uagb-separator-element\"><h5 class=\"uagb-html-tag\">Beb\u00e9s<\/h5><\/div><\/div><\/div><\/div>\n\n\n\n<div data-aos= \"fade-down\" data-aos-duration=\"400\" data-aos-delay=\"0\" data-aos-easing=\"ease\" data-aos-once=\"true\" class=\"wp-block-uagb-container uagb-block-a6cd171e alignfull uagb-is-root-container\"><div class=\"uagb-container-inner-blocks-wrap\">\n<div data-aos= \"fade\" data-aos-duration=\"400\" data-aos-delay=\"0\" data-aos-easing=\"ease\" data-aos-once=\"true\" class=\"wp-block-uagb-container uagb-block-8121be66 default uagb-is-root-container\">\n<div data-aos= \"fade\" data-aos-duration=\"400\" data-aos-delay=\"0\" data-aos-easing=\"ease\" data-aos-once=\"true\" class=\"wp-block-uagb-info-box uagb-block-6bd37346 uagb-infobox__content-wrap  uagb-infobox-icon-below-title uagb-infobox-image-valign-top\"><div class=\"uagb-ifb-content\"><div class=\"uagb-ifb-title-wrap\"><h3 class=\"uagb-ifb-title\">Beb\u00e9 Ciudad Jard\u00edn<br>Liga Beb\u00e9s<br>Entrenador: Alberto Manrique<\/h3><\/div><div class=\"uagb-ifb-image-content\"><img decoding=\"async\" src=\"http:\/\/loscalifascf.com\/ciudadjardin\/wp-content\/uploads\/sites\/2\/2025\/01\/Nofoto-300x212.jpg\" alt=\"\" width=\"350\" height=\"247\" loading=\"lazy\"\/><\/div><p class=\"uagb-ifb-desc\"><a href=\"https:\/\/www.rfaf.es\/pnfg\/NPcd\/NFG_VisCalendario_Vis?cod_primaria=1000120&amp;codtemporada=20&amp;codcompeticion=39584761&amp;codgrupo=39584770&amp;CodJornada=12\">Calendario<\/a><br><a href=\"https:\/\/www.rfaf.es\/pnfg\/NPcd\/NFG_VisTablaCruzada?cod_primaria=1000120&amp;CodGrupo=39584770\">Resultados<\/a><br><a href=\"https:\/\/www.rfaf.es\/pnfg\/NPcd\/NFG_VisClasificacion?cod_primaria=1000120&amp;codjornada=12&amp;codcompeticion=39584761&amp;codgrupo=39584770&amp;codjornada=12\">Clasificaci\u00f3n<\/a><br><a href=\"https:\/\/www.rfaf.es\/pnfg\/NPcd\/NFG_VisEquipos?cod_primaria=1000119&amp;Codigo_Equipo=5695943\">Plantilla<\/a><\/p><\/div><\/div>\n<\/div>\n<\/div><\/div>\n\n\n\n<div style=\"height:56px\" aria-hidden=\"true\" class=\"wp-block-spacer\"><\/div>\n","protected":false},"excerpt":{"rendered":"<p>Equipos CD Ciudad Jard\u00edn<\/p>\n","protected":false},"author":1,"featured_media":0,"parent":0,"menu_order":0,"comment_status":"closed","ping_status":"closed","template":"","meta":{"_uag_custom_page_level_css":"","footnotes":""},"class_list":["post-434","page","type-page","status-publish","hentry"],"uagb_featured_image_src":{"full":false,"thumbnail":false,"medium":false,"medium_large":false,"large":false,"1536x1536":false,"2048x2048":false},"uagb_author_info":{"display_name":"admin_califas","author_link":"https:\/\/loscalifascf.com\/ciudadjardin\/author\/admin_califas\/"},"uagb_comment_info":0,"uagb_excerpt":"Equipos CD Ciudad Jard\u00edn","_links":{"self":[{"href":"https:\/\/loscalifascf.com\/ciudadjardin\/wp-json\/wp\/v2\/pages\/434","targetHints":{"allow":["GET"]}}],"collection":[{"href":"https:\/\/loscalifascf.com\/ciudadjardin\/wp-json\/wp\/v2\/pages"}],"about":[{"href":"https:\/\/loscalifascf.com\/ciudadjardin\/wp-json\/wp\/v2\/types\/page"}],"author":[{"embeddable":true,"href":"https:\/\/loscalifascf.com\/ciudadjardin\/wp-json\/wp\/v2\/users\/1"}],"replies":[{"embeddable":true,"href":"https:\/\/loscalifascf.com\/ciudadjardin\/wp-json\/wp\/v2\/comments?post=434"}],"version-history":[{"count":54,"href":"https:\/\/loscalifascf.com\/ciudadjardin\/wp-json\/wp\/v2\/pages\/434\/revisions"}],"predecessor-version":[{"id":715,"href":"https:\/\/loscalifascf.com\/ciudadjardin\/wp-json\/wp\/v2\/pages\/434\/revisions\/715"}],"wp:attachment":[{"href":"https:\/\/loscalifascf.com\/ciudadjardin\/wp-json\/wp\/v2\/media?parent=434"}],"curies":[{"name":"wp","href":"https:\/\/api.w.org\/{rel}","templated":true}]}}